{"id":30,"date":"2020-05-31T22:20:58","date_gmt":"2020-05-31T22:20:58","guid":{"rendered":"https:\/\/www.leynacionaldedanza.org\/?page_id=30"},"modified":"2022-11-11T12:28:16","modified_gmt":"2022-11-11T12:28:16","slug":"proyectos-de-ley","status":"publish","type":"page","link":"https:\/\/www.leynacionaldedanza.org\/?page_id=30","title":{"rendered":"PROYECTOS DE LEY"},"content":{"rendered":"<p><\/p>\n\n\n<\/p>\n<p><strong>Proyecto presentado en el parlamento en 2012<\/strong><\/p>\n<p>\n\n\n\n<\/p>\n<a href=\"https:\/\/www.leynacionaldedanza.org\/wp-content\/uploads\/2020\/06\/2012-PROYECTO-LEY-NACIONAL-DE-DANZA.pdf\">PROYECTO-LEY-NACIONAL-DE-DANZA -2012<\/a><a href=\"https:\/\/www.leynacionaldedanza.org\/wp-content\/uploads\/2020\/06\/2012-PROYECTO-LEY-NACIONAL-DE-DANZA.pdf\" download=\"\">Descarga\u00a0<\/a>\n\u00a0\nExp. 116-P-2012. Ingreso como particular.\u00a0\u00a0\n\u00a0\n\u00a0\n\u00a0\n<p>\n\n\n\n<\/p>\n<p><strong>Proyecto presentado en el parlamento en 2014<\/strong><\/p>\n<p>\n\n\n\n<\/p>\n<a href=\"https:\/\/www.leynacionaldedanza.org\/wp-content\/uploads\/2020\/06\/S1436_14PL-1.pdf\">PROYECTO-LEY-NACIONAL-DE-DANZA-2014<\/a><a href=\"https:\/\/www.leynacionaldedanza.org\/wp-content\/uploads\/2020\/06\/S1436_14PL-1.pdf\" download=\"\">Descarga<\/a>\n\u00a0\nExp. S1436-2014. Firmas: Senadorxs Rub\u00e9n H. Giustiniani.- Fernando E. Solanas.- Mar\u00eda In\u00e9s Pilatti Vergara.- Mar\u00eda Magdalena Odarda.- Alfredo L. de \u00c1ngeli.- Alfredo A. Mart\u00ednez.-\n\u00a0\n\u00a0\n\u00a0\n<p>\n\n\n\n<\/p>\n<p><strong>Proyecto presentado en el parlamento en 2016<\/strong><\/p>\n<p>\n\n\n\n<\/p>\n<a href=\"https:\/\/www.leynacionaldedanza.org\/wp-content\/uploads\/2020\/06\/Proyecto-de-Ley-Nacional-de-danza-2016.pdf\">PROYECTO-DE-LEY-NACIONAL-DE-DANZA-2016<\/a><a href=\"https:\/\/www.leynacionaldedanza.org\/wp-content\/uploads\/2020\/06\/Proyecto-de-Ley-Nacional-de-danza-2016.pdf\" download=\"\">Descarga<\/a>\n\u00a0\nExp. 058-P-2016. Presentado como particular\n\u00a0\n\u00a0\n<p>\n\n\n\n<\/p>\n<p><strong>Proyecto presentado en el parlamento en 2017<\/strong><\/p>\n<p>\n\n\n\n<\/p>\n<a href=\"https:\/\/www.leynacionaldedanza.org\/wp-content\/uploads\/2020\/06\/Proyecto-LND-2017.pdf\">PROYECTO-DE-LEY-NACIONAL-DE-DANZA-2017<\/a><a href=\"https:\/\/www.leynacionaldedanza.org\/wp-content\/uploads\/2020\/06\/Proyecto-LND-2017.pdf\" download=\"\">Descarga<\/a>\n\u00a0\nExp. 1381-D-2017. Firmantes:\nDiputadxs DURE, LUCILA BEATRIZ (FORMOSA PARTIDO SOCIALISTA), TROIANO, GABRIELA ALEJANDRA (BUENOS AIRES PARTIDO SOCIALISTA) BINNER, HERMES JUAN (SANTA FE PARTIDO SOCIALISTA), DONDA PEREZ,\u00a0 VICTORIA ANALIA (CIUDAD de BUENOS AIRES LIBRES DEL SUR), MASSO, FEDERICO AUGUSTO (TUCUMAN LIBRES DEL SUR), SCHMIDT LIERMANN, CORNELIA (CIUDAD de BUENOS AIRES UNION PRO), COUSINET, GRACIELA (MENDOZA LIBRES DEL SUR), OLMEDO, ALFREDO HORACIO (SALTA SALTA SOMOS TODOS), DIAZ ROIG, JUAN CARLOS (FORMOSA FRENTE PARA LA VICTORIA &#8211; PJ), RAFFO, JULIO (CIUDAD de BUENOS AIRES DIALOGO Y TRABAJO), CARRIZO, ANA CARLA (CIUDAD de BUENOS AIRES UCR), VILLAR MOLINA, MARIA INES (NEUQUEN MOV POP NEUQUINO), HERNANDEZ, MARTIN OSVALDO (FORMOSA UCR), LOTTO, INES BEATRIZ (FORMOSA FRENTE PARA LA VICTORIA &#8211; PJ)\u00a0\n\u00a0\n\u00a0\n<p>\n\n\n\n<\/p>\n<p><strong>Proyecto presentado en el parlamento en 2018<\/strong><\/p>\n<p>\n\n\n\n<\/p>\n<a href=\"https:\/\/www.leynacionaldedanza.org\/wp-content\/uploads\/2020\/06\/PROYECTO-LND-2018.docx.pdf\">PROYECTO-DE-LEY-NACIONAL-DE-DANZA-2018<\/a><a href=\"https:\/\/www.leynacionaldedanza.org\/wp-content\/uploads\/2020\/06\/PROYECTO-LND-2018.docx.pdf\" download=\"\">Descarga<\/a>\n\u00a0\nExp. 048-P-2018\nIngreso como particular por el Movimiento por la Ley Nacional de Danza junto a la Asociaci\u00f3n Argentina de Trabajadorxs de la Danza\n\u00a0\n<p>\n\n\n\n<\/p>\n<p><strong>Proyecto presentado en el parlamento en 2020<\/strong><\/p>\n<p>\n\n\n\n<\/p>\n<a href=\"https:\/\/www.leynacionaldedanza.org\/wp-content\/uploads\/2020\/07\/2020-LEY-NACIONAL-DE-DANZA-1-1.pdf\">2020-LEY-NACIONAL-DE-DANZA<\/a><a href=\"https:\/\/www.leynacionaldedanza.org\/wp-content\/uploads\/2020\/07\/2020-LEY-NACIONAL-DE-DANZA-1-1.pdf\" download=\"\">Descarga<\/a>\n\u00a0\nExp. 031-P-2020 Ingresado en Pandemia como particular por el Movimiento por la Ley Nacional de Danza.\u00a0\n\u00a0\n\u00a0\n\u00a0\n<strong>Proyecto presentado en 2022<\/strong>\n<a href=\"https:\/\/www.leynacionaldedanza.org\/wp-content\/uploads\/2022\/10\/2022-LEY-NACIONAL-DE-DANZA-1.pdf\">2022-LEY NACIONAL DE DANZA\u00a0<\/a>\n\u00a0\nExp. 039-P-2022. Ingresado como particular por el Movimiento por la Ley Nacional de Danza y organizaciones del sector: Foro Danza en Acci\u00f3n, CILEM, FACE, Asociaci\u00f3n Argentina de<br \/>Trabajadores de la Danza &#8211; AATDa, Espacio EK Arte.Movimiento, MOVAQ<br \/>Aquelarre en Movimiento, ESCENA-Espacios Esc\u00e9nicos Aut\u00f3nomos,<br \/>Proximidades Expositivas, Instalaciones Perform\u00e1ticas Aut\u00f3nomas, Arqueolog\u00edas<br \/>del Futuro, Doce Veinticuatro, Magma &#8211; Centro de artes vivas, PLANTA<br \/>Investigaci\u00f3n Creaci\u00f3n Transversal, A\u00e9rea, Asociaci\u00f3n civil Buenos Aires danza<br \/>a\u00e9rea, Cocoa-Datei asociaci\u00f3n Civil core\u00f3grafos contempor\u00e1neos, argentinos,<br \/>danza-teatro independiente, Compa\u00f1\u00eda de Danza Sin Fronteras, CIAM &#8211;<br \/>Compa\u00f1\u00eda Investigativa del \u00c1rea de movimiento de La Sede, Sede Espacio<br \/>Cultural, Grupo de Estudios de Danzas Argentinas y Latinoamericanas (GEDAL),<br \/>La Duncan, MANADA, Estudio Fraga, Espacio Ideas Descabelladas, Espacio<br \/>Hache, Red Federal de Graduadas y Graduados de Folklore U.N.A, GIMA &#8211; Grupo<br \/>de investigaci\u00f3n sobre movimiento y aprendizaje, BUENOS AIRES DANCE CLUB,<br \/>Actuemos, Trabajadores del Tango Danza &#8211; TTD, Asociaci\u00f3n CoBai (Rosario),<br \/>Casa Sof\u00eda, EL ASUNTO DE LO REMOTO &#8211; ciclo de acciones, MiniFest<br \/>(Bariloche), Ind\u00f3mita Performance (CABA), Colectivo Rionegrino de Danza (Rio<br \/>Negro), LODO Plataforma de Investigaci\u00f3n e Intercambio de Artes Vivas (CABA),<br \/>Pies Despiertos (Chivilcoy), Arte Movimiento, Encuentro ArchiPieLago (CABA),<br \/>Movimiento Independiente de la Danza en Tucum\u00e1n, MIDT, La Escuela Del Tango,<br \/>Centro de Experimentaci\u00f3n con el Movimiento- Concepci\u00f3n- Tucum\u00e1n, CODEF<br \/>Colectivo de danzas espa\u00f1olas y flamenco (Santa Fe.), Artistas Organizados del<br \/>Partido de Pilar, Full Dance, Compa\u00f1\u00eda Castadiva, Colectivo SOMA DANZA (Mar<br \/>del Plata), CIC DAI ong &#8211; Centro de Investigaci\u00f3n y Creaci\u00f3n en Danza y Artes<br \/>Integradas. (Mar del Plata), Remolino Compa\u00f1\u00eda de Danzas Folkl\u00f3ricas, Marcos<br \/>Castro Estudio, Conda, Movimiento Federal de Danzas NOA\n\u00a0\nAbri el archivo para ver el comunicado.\u00a0\n<a href=\"https:\/\/www.leynacionaldedanza.org\/?p=288\">COMUNICADO 29A 2022<\/a>\u00a0\n\u00a0\n\u00a0\n2022. Nuevo ingreso con firmas de Diputadxs Nacionales\n<a href=\"https:\/\/www.leynacionaldedanza.org\/wp-content\/uploads\/2022\/11\/Exp.-5950-D-2022-LEY-NACIONAL-DE-DANZA.pdf\">LEY NACIONAL DE DANZA Exp. N\u00b0 5950-D-2022\u00a0<\/a>\n\u00a0\nFirmantes: <b>Marisa Uceda, Jimena L\u00f3pez, L\u00eda Caliva, Alejandro \u201cTopo\u201d Rodr\u00edguez, Gabriela Estevez, Carolina Mois\u00e9s, Carolina Gaillard, Estela Neder, Rosana Bertone, Paula Penacca, Leonardo Grosso, Pablo Carro, Leila Chaher, Paola Vessvessian, Emiliano Estrada, Itai Hagman, Pamela Calletti, Natalia Souto, Juan Carlos Alderete<\/b>\n\u00a0\n\u00a0\n\u00a0\n<p>\n\n\n\n<\/p>\n<figure>\n<ul>\n<li>\n<figure><img src=\"https:\/\/www.leynacionaldedanza.org\/wp-content\/uploads\/2020\/06\/31947760_1881138568617370_3511964332390875136_o-1.jpg\" alt=\"\" data-id=\"122\" data-link=\"https:\/\/www.leynacionaldedanza.org\/?attachment_id=122\" \/>\n<p>\u00a0<\/p>\n<figcaption>Ingreso del proyecto 2018<\/figcaption>\n<\/figure>\n<\/li>\n<li>\n<figure><img src=\"https:\/\/www.leynacionaldedanza.org\/wp-content\/uploads\/2020\/06\/997082_826653787399192_346898593838300809_n.jpg\" alt=\"\" data-id=\"124\" data-full-url=\"https:\/\/www.leynacionaldedanza.org\/wp-content\/uploads\/2020\/06\/997082_826653787399192_346898593838300809_n.jpg\" data-link=\"https:\/\/www.leynacionaldedanza.org\/?attachment_id=124\" \/>\n<p>\u00a0<\/p>\n<figcaption>Congreso de la Naci\u00f3n, octubre 2014<\/figcaption>\n<\/figure>\n<\/li>\n<li>\n<figure><img src=\"https:\/\/www.leynacionaldedanza.org\/wp-content\/uploads\/2020\/06\/1464607_698206056910633_2034429329_n.jpg\" alt=\"\" data-id=\"125\" data-full-url=\"https:\/\/www.leynacionaldedanza.org\/wp-content\/uploads\/2020\/06\/1464607_698206056910633_2034429329_n.jpg\" data-link=\"https:\/\/www.leynacionaldedanza.org\/?attachment_id=125\" \/>\n<p>\u00a0<\/p>\n<figcaption>Apoyo del Ballet Contempor\u00e1neo del TGSM<\/figcaption>\n<\/figure>\n<\/li>\n<li>\n<figure><img src=\"https:\/\/www.leynacionaldedanza.org\/wp-content\/uploads\/2020\/06\/1898101_811612838903287_8844090272776478772_n.jpg\" alt=\"\" data-id=\"126\" data-full-url=\"https:\/\/www.leynacionaldedanza.org\/wp-content\/uploads\/2020\/06\/1898101_811612838903287_8844090272776478772_n.jpg\" data-link=\"https:\/\/www.leynacionaldedanza.org\/?attachment_id=126\" \/>\n<p>\u00a0<\/p>\n<figcaption>Performances frente al Congreso<\/figcaption>\n<\/figure>\n<\/li>\n<li>\n<figure><img src=\"https:\/\/www.leynacionaldedanza.org\/wp-content\/uploads\/2020\/06\/18122002_1481161901948374_9180111280868865957_o.jpg\" alt=\"\" data-id=\"128\" data-full-url=\"https:\/\/www.leynacionaldedanza.org\/wp-content\/uploads\/2020\/06\/18122002_1481161901948374_9180111280868865957_o.jpg\" data-link=\"https:\/\/www.leynacionaldedanza.org\/?attachment_id=128\" \/>\n<p>\u00a0<\/p>\n<figcaption>Remeras<\/figcaption>\n<\/figure>\n<\/li>\n<li>\n<figure><img src=\"https:\/\/www.leynacionaldedanza.org\/wp-content\/uploads\/2020\/06\/18403663_1499941360070428_5837134941462221230_n.jpg\" alt=\"\" data-id=\"129\" data-full-url=\"https:\/\/www.leynacionaldedanza.org\/wp-content\/uploads\/2020\/06\/18403663_1499941360070428_5837134941462221230_n.jpg\" data-link=\"https:\/\/www.leynacionaldedanza.org\/?attachment_id=129\" \/>\n<p>\u00a0<\/p>\n<figcaption>Performances frente al Congreso<\/figcaption>\n<\/figure>\n<\/li>\n<li>\n<figure><img src=\"https:\/\/www.leynacionaldedanza.org\/wp-content\/uploads\/2020\/06\/18423722_1499950520069512_2695532030947223346_n.jpg\" alt=\"\" data-id=\"130\" data-full-url=\"https:\/\/www.leynacionaldedanza.org\/wp-content\/uploads\/2020\/06\/18423722_1499950520069512_2695532030947223346_n.jpg\" data-link=\"https:\/\/www.leynacionaldedanza.org\/?attachment_id=130\" \/>\n<p>\u00a0<\/p>\n<figcaption>Movilizaci\u00f3n 2017<\/figcaption>\n<\/figure>\n<\/li>\n<li>\n<figure><img src=\"https:\/\/www.leynacionaldedanza.org\/wp-content\/uploads\/2020\/06\/31944204_1881138668617360_6643561202792267776_o.jpg\" alt=\"\" data-id=\"131\" data-full-url=\"https:\/\/www.leynacionaldedanza.org\/wp-content\/uploads\/2020\/06\/31944204_1881138668617360_6643561202792267776_o.jpg\" data-link=\"https:\/\/www.leynacionaldedanza.org\/?attachment_id=131\" \/>\n<p>\u00a0<\/p>\n<figcaption>Presentaci\u00f3n 2018<\/figcaption>\n<\/figure>\n<\/li>\n<li>\n<figure><img src=\"https:\/\/www.leynacionaldedanza.org\/wp-content\/uploads\/2020\/06\/71788374_2714327378631814_8154145911405019136_n-1.jpg\" alt=\"\" data-id=\"132\" data-full-url=\"https:\/\/www.leynacionaldedanza.org\/wp-content\/uploads\/2020\/06\/71788374_2714327378631814_8154145911405019136_n-1.jpg\" data-link=\"https:\/\/www.leynacionaldedanza.org\/?attachment_id=132\" \/>\n<p>\u00a0<\/p>\n<figcaption>Movilizaci\u00f3n 201nte<\/figcaption>\n<\/figure>\n<\/li>\n<\/ul>\n<\/figure>\n<p>\n\n\n<p><\/p>","protected":false},"excerpt":{"rendered":"<p>Proyecto presentado en el parlamento en 2012 Proyecto presentado en el parlamento en 2014 Proyecto presentado en el parlamento en 2016 Proyecto presentado en el parlamento en 2017 Proyecto presentado en el parlamento en 2018 Proyecto presentado en el parlamento en 2020<\/p>\n","protected":false},"author":1,"featured_media":0,"parent":0,"menu_order":0,"comment_status":"closed","ping_status":"closed","template":"","meta":[],"_links":{"self":[{"href":"https:\/\/www.leynacionaldedanza.org\/index.php?rest_route=\/wp\/v2\/pages\/30"}],"collection":[{"href":"https:\/\/www.leynacionaldedanza.org\/index.php?rest_route=\/wp\/v2\/pages"}],"about":[{"href":"https:\/\/www.leynacionaldedanza.org\/index.php?rest_route=\/wp\/v2\/types\/page"}],"author":[{"embeddable":true,"href":"https:\/\/www.leynacionaldedanza.org\/index.php?rest_route=\/wp\/v2\/users\/1"}],"replies":[{"embeddable":true,"href":"https:\/\/www.leynacionaldedanza.org\/index.php?rest_route=%2Fwp%2Fv2%2Fcomments&post=30"}],"version-history":[{"count":55,"href":"https:\/\/www.leynacionaldedanza.org\/index.php?rest_route=\/wp\/v2\/pages\/30\/revisions"}],"predecessor-version":[{"id":350,"href":"https:\/\/www.leynacionaldedanza.org\/index.php?rest_route=\/wp\/v2\/pages\/30\/revisions\/350"}],"wp:attachment":[{"href":"https:\/\/www.leynacionaldedanza.org\/index.php?rest_route=%2Fwp%2Fv2%2Fmedia&parent=30"}],"curies":[{"name":"wp","href":"https:\/\/api.w.org\/{rel}","templated":true}]}}